{"id":36,"date":"2025-10-21T00:39:41","date_gmt":"2025-10-21T03:39:41","guid":{"rendered":"https:\/\/crecerdesarrollopersonal.org\/index.php\/home\/"},"modified":"2026-03-01T20:15:56","modified_gmt":"2026-03-01T23:15:56","slug":"home","status":"publish","type":"page","link":"https:\/\/crecerdesarrollopersonal.org\/","title":{"rendered":"Inicio"},"content":{"rendered":"\t\t<div data-elementor-type=\"wp-page\" data-elementor-id=\"36\" class=\"elementor elementor-36\" data-elementor-post-type=\"page\">\n\t\t\t\t<div class=\"elementor-element elementor-element-7426c920 e-flex e-con-boxed e-con e-parent\" data-id=\"7426c920\" data-element_type=\"container\" data-e-type=\"container\" data-settings=\"{&quot;background_background&quot;:&quot;classic&quot;,&quot;background_motion_fx_motion_fx_scrolling&quot;:&quot;yes&quot;,&quot;background_motion_fx_translateY_effect&quot;:&quot;yes&quot;,&quot;motion_fx_motion_fx_scrolling&quot;:&quot;yes&quot;,&quot;motion_fx_translateY_effect&quot;:&quot;yes&quot;,&quot;background_motion_fx_translateY_speed&quot;:{&quot;unit&quot;:&quot;px&quot;,&quot;size&quot;:4,&quot;sizes&quot;:[]},&quot;background_motion_fx_translateY_affectedRange&quot;:{&quot;unit&quot;:&quot;%&quot;,&quot;size&quot;:&quot;&quot;,&quot;sizes&quot;:{&quot;start&quot;:0,&quot;end&quot;:100}},&quot;background_motion_fx_devices&quot;:[&quot;desktop&quot;,&quot;tablet&quot;,&quot;mobile&quot;],&quot;motion_fx_translateY_speed&quot;:{&quot;unit&quot;:&quot;px&quot;,&quot;size&quot;:4,&quot;sizes&quot;:[]},&quot;motion_fx_translateY_affectedRange&quot;:{&quot;unit&quot;:&quot;%&quot;,&quot;size&quot;:&quot;&quot;,&quot;sizes&quot;:{&quot;start&quot;:0,&quot;end&quot;:100}},&quot;motion_fx_devices&quot;:[&quot;desktop&quot;,&quot;tablet&quot;,&quot;mobile&quot;]}\">\n\t\t\t\t\t<div class=\"e-con-inner\">\n\t\t\t\t<div class=\"elementor-element elementor-element-505bff5e elementor-widget elementor-widget-heading\" data-id=\"505bff5e\" data-element_type=\"widget\" data-e-type=\"widget\" data-widget_type=\"heading.default\">\n\t\t\t\t\t<h3 class=\"elementor-heading-title elementor-size-default\"><h5>Te ayudamos a darle forma a tu cuerpo y a tu vida, focaliz\u00e1ndonos en tu salud integral, tanto f\u00edsica como mental.<\/h5><br><p>\n<\/p>\n<\/h3>\t\t\t\t<\/div>\n\t\t\t\t\t<\/div>\n\t\t\t\t<\/div>\n\t\t<div class=\"elementor-element elementor-element-41793db e-con-full e-flex e-con e-parent\" data-id=\"41793db\" data-element_type=\"container\" data-e-type=\"container\" data-settings=\"{&quot;background_background&quot;:&quot;classic&quot;,&quot;shape_divider_top&quot;:&quot;mountains&quot;,&quot;shape_divider_bottom&quot;:&quot;wave-brush&quot;}\">\n\t\t\t\t<div class=\"elementor-shape elementor-shape-top\" aria-hidden=\"true\" data-negative=\"false\">\n\t\t\t<svg xmlns=\"http:\/\/www.w3.org\/2000\/svg\" viewBox=\"0 0 1000 100\" preserveAspectRatio=\"none\">\n\t<path class=\"elementor-shape-fill\" opacity=\"0.33\" d=\"M473,67.3c-203.9,88.3-263.1-34-320.3,0C66,119.1,0,59.7,0,59.7V0h1000v59.7 c0,0-62.1,26.1-94.9,29.3c-32.8,3.3-62.8-12.3-75.8-22.1C806,49.6,745.3,8.7,694.9,4.7S492.4,59,473,67.3z\"\/>\n\t<path class=\"elementor-shape-fill\" opacity=\"0.66\" d=\"M734,67.3c-45.5,0-77.2-23.2-129.1-39.1c-28.6-8.7-150.3-10.1-254,39.1 s-91.7-34.4-149.2,0C115.7,118.3,0,39.8,0,39.8V0h1000v36.5c0,0-28.2-18.5-92.1-18.5C810.2,18.1,775.7,67.3,734,67.3z\"\/>\n\t<path class=\"elementor-shape-fill\" d=\"M766.1,28.9c-200-57.5-266,65.5-395.1,19.5C242,1.8,242,5.4,184.8,20.6C128,35.8,132.3,44.9,89.9,52.5C28.6,63.7,0,0,0,0 h1000c0,0-9.9,40.9-83.6,48.1S829.6,47,766.1,28.9z\"\/>\n<\/svg>\t\t<\/div>\n\t\t\t\t<div class=\"elementor-shape elementor-shape-bottom\" aria-hidden=\"true\" data-negative=\"false\">\n\t\t\t<svg xmlns=\"http:\/\/www.w3.org\/2000\/svg\" viewBox=\"0 0 283.5 27.8\" preserveAspectRatio=\"none\">\n\t<path class=\"elementor-shape-fill\" d=\"M283.5,9.7c0,0-7.3,4.3-14,4.6c-6.8,0.3-12.6,0-20.9-1.5c-11.3-2-33.1-10.1-44.7-5.7\ts-12.1,4.6-18,7.4c-6.6,3.2-20,9.6-36.6,9.3C131.6,23.5,99.5,7.2,86.3,8c-1.4,0.1-6.6,0.8-10.5,2c-3.8,1.2-9.4,3.8-17,4.7\tc-3.2,0.4-8.3,1.1-14.2,0.9c-1.5-0.1-6.3-0.4-12-1.6c-5.7-1.2-11-3.1-15.8-3.7C6.5,9.2,0,10.8,0,10.8V0h283.5V9.7z M260.8,11.3\tc-0.7-1-2-0.4-4.3-0.4c-2.3,0-6.1-1.2-5.8-1.1c0.3,0.1,3.1,1.5,6,1.9C259.7,12.2,261.4,12.3,260.8,11.3z M242.4,8.6\tc0,0-2.4-0.2-5.6-0.9c-3.2-0.8-10.3-2.8-15.1-3.5c-8.2-1.1-15.8,0-15.1,0.1c0.8,0.1,9.6-0.6,17.6,1.1c3.3,0.7,9.3,2.2,12.4,2.7\tC239.9,8.7,242.4,8.6,242.4,8.6z M185.2,8.5c1.7-0.7-13.3,4.7-18.5,6.1c-2.1,0.6-6.2,1.6-10,2c-3.9,0.4-8.9,0.4-8.8,0.5\tc0,0.2,5.8,0.8,11.2,0c5.4-0.8,5.2-1.1,7.6-1.6C170.5,14.7,183.5,9.2,185.2,8.5z M199.1,6.9c0.2,0-0.8-0.4-4.8,1.1\tc-4,1.5-6.7,3.5-6.9,3.7c-0.2,0.1,3.5-1.8,6.6-3C197,7.5,199,6.9,199.1,6.9z M283,6c-0.1,0.1-1.9,1.1-4.8,2.5s-6.9,2.8-6.7,2.7\tc0.2,0,3.5-0.6,7.4-2.5C282.8,6.8,283.1,5.9,283,6z M31.3,11.6c0.1-0.2-1.9-0.2-4.5-1.2s-5.4-1.6-7.8-2C15,7.6,7.3,8.5,7.7,8.6\tC8,8.7,15.9,8.3,20.2,9.3c2.2,0.5,2.4,0.5,5.7,1.6S31.2,11.9,31.3,11.6z M73,9.2c0.4-0.1,3.5-1.6,8.4-2.6c4.9-1.1,8.9-0.5,8.9-0.8\tc0-0.3-1-0.9-6.2-0.3S72.6,9.3,73,9.2z M71.6,6.7C71.8,6.8,75,5.4,77.3,5c2.3-0.3,1.9-0.5,1.9-0.6c0-0.1-1.1-0.2-2.7,0.2\tC74.8,5.1,71.4,6.6,71.6,6.7z M93.6,4.4c0.1,0.2,3.5,0.8,5.6,1.8c2.1,1,1.8,0.6,1.9,0.5c0.1-0.1-0.8-0.8-2.4-1.3\tC97.1,4.8,93.5,4.2,93.6,4.4z M65.4,11.1c-0.1,0.3,0.3,0.5,1.9-0.2s2.6-1.3,2.2-1.2s-0.9,0.4-2.5,0.8C65.3,10.9,65.5,10.8,65.4,11.1\tz M34.5,12.4c-0.2,0,2.1,0.8,3.3,0.9c1.2,0.1,2,0.1,2-0.2c0-0.3-0.1-0.5-1.6-0.4C36.6,12.8,34.7,12.4,34.5,12.4z M152.2,21.1\tc-0.1,0.1-2.4-0.3-7.5-0.3c-5,0-13.6-2.4-17.2-3.5c-3.6-1.1,10,3.9,16.5,4.1C150.5,21.6,152.3,21,152.2,21.1z\"\/>\n\t<path class=\"elementor-shape-fill\" d=\"M269.6,18c-0.1-0.1-4.6,0.3-7.2,0c-7.3-0.7-17-3.2-16.6-2.9c0.4,0.3,13.7,3.1,17,3.3\tC267.7,18.8,269.7,18,269.6,18z\"\/>\n\t<path class=\"elementor-shape-fill\" d=\"M227.4,9.8c-0.2-0.1-4.5-1-9.5-1.2c-5-0.2-12.7,0.6-12.3,0.5c0.3-0.1,5.9-1.8,13.3-1.2\tS227.6,9.9,227.4,9.8z\"\/>\n\t<path class=\"elementor-shape-fill\" d=\"M204.5,13.4c-0.1-0.1,2-1,3.2-1.1c1.2-0.1,2,0,2,0.3c0,0.3-0.1,0.5-1.6,0.4\tC206.4,12.9,204.6,13.5,204.5,13.4z\"\/>\n\t<path class=\"elementor-shape-fill\" d=\"M201,10.6c0-0.1-4.4,1.2-6.3,2.2c-1.9,0.9-6.2,3.1-6.1,3.1c0.1,0.1,4.2-1.6,6.3-2.6\tS201,10.7,201,10.6z\"\/>\n\t<path class=\"elementor-shape-fill\" d=\"M154.5,26.7c-0.1-0.1-4.6,0.3-7.2,0c-7.3-0.7-17-3.2-16.6-2.9c0.4,0.3,13.7,3.1,17,3.3\tC152.6,27.5,154.6,26.8,154.5,26.7z\"\/>\n\t<path class=\"elementor-shape-fill\" d=\"M41.9,19.3c0,0,1.2-0.3,2.9-0.1c1.7,0.2,5.8,0.9,8.2,0.7c4.2-0.4,7.4-2.7,7-2.6\tc-0.4,0-4.3,2.2-8.6,1.9c-1.8-0.1-5.1-0.5-6.7-0.4S41.9,19.3,41.9,19.3z\"\/>\n\t<path class=\"elementor-shape-fill\" d=\"M75.5,12.6c0.2,0.1,2-0.8,4.3-1.1c2.3-0.2,2.1-0.3,2.1-0.5c0-0.1-1.8-0.4-3.4,0\tC76.9,11.5,75.3,12.5,75.5,12.6z\"\/>\n\t<path class=\"elementor-shape-fill\" d=\"M15.6,13.2c0-0.1,4.3,0,6.7,0.5c2.4,0.5,5,1.9,5,2c0,0.1-2.7-0.8-5.1-1.4\tC19.9,13.7,15.7,13.3,15.6,13.2z\"\/>\n<\/svg>\t\t<\/div>\n\t\t\t\t<div class=\"elementor-element elementor-element-4c48877 elementor-widget elementor-widget-heading\" data-id=\"4c48877\" data-element_type=\"widget\" data-e-type=\"widget\" data-widget_type=\"heading.default\">\n\t\t\t\t\t<h2 class=\"elementor-heading-title elementor-size-default\">Art\u00edculos<\/h2>\t\t\t\t<\/div>\n\t\t\t\t<div class=\"elementor-element elementor-element-f3ba721 elementor-widget elementor-widget-heading\" data-id=\"f3ba721\" data-element_type=\"widget\" data-e-type=\"widget\" data-widget_type=\"heading.default\">\n\t\t\t\t\t<h5 class=\"elementor-heading-title elementor-size-default\">\u00daltimas notas<\/h5>\t\t\t\t<\/div>\n\t\t\t\t<div class=\"elementor-element elementor-element-4d0fe82 elementor-widget-divider--view-line elementor-widget elementor-widget-divider\" data-id=\"4d0fe82\" data-element_type=\"widget\" data-e-type=\"widget\" data-widget_type=\"divider.default\">\n\t\t\t\t\t\t\t<div class=\"elementor-divider\">\n\t\t\t<span class=\"elementor-divider-separator\">\n\t\t\t\t\t\t<\/span>\n\t\t<\/div>\n\t\t\t\t\t\t<\/div>\n\t\t\t\t<div class=\"elementor-element elementor-element-2d76731 elementor-grid-3 elementor-grid-tablet-2 elementor-grid-mobile-1 elementor-posts--thumbnail-top elementor-widget elementor-widget-posts\" data-id=\"2d76731\" data-element_type=\"widget\" data-e-type=\"widget\" data-settings=\"{&quot;classic_masonry&quot;:&quot;yes&quot;,&quot;classic_columns&quot;:&quot;3&quot;,&quot;classic_columns_tablet&quot;:&quot;2&quot;,&quot;classic_columns_mobile&quot;:&quot;1&quot;,&quot;classic_row_gap&quot;:{&quot;unit&quot;:&quot;px&quot;,&quot;size&quot;:35,&quot;sizes&quot;:[]},&quot;classic_row_gap_tablet&quot;:{&quot;unit&quot;:&quot;px&quot;,&quot;size&quot;:&quot;&quot;,&quot;sizes&quot;:[]},&quot;classic_row_gap_mobile&quot;:{&quot;unit&quot;:&quot;px&quot;,&quot;size&quot;:&quot;&quot;,&quot;sizes&quot;:[]}}\" data-widget_type=\"posts.classic\">\n\t\t\t\t<div class=\"elementor-widget-container\">\n\t\t\t\t\t\t\t<div class=\"elementor-posts-container elementor-posts elementor-posts--skin-classic elementor-grid\" role=\"list\">\n\t\t\t\t<article class=\"elementor-post elementor-grid-item post-611 post type-post status-publish format-standard has-post-thumbnail hentry category-ansiedad category-bienestar category-blog category-control-peso category-depresion category-falta-de-motivacion category-historias category-meditaciones category-neurodivergencia category-nutricion category-perdida-de-peso category-reflexiones category-rutinas category-salud-mental category-sobrepeso category-tea category-trastornos-de-la-personalidad tag-alucinaciones tag-clozapina tag-esquizofrenia tag-medicacion tag-olanzapina tag-pacientes tag-personalizada tag-psicologia tag-psicosis tag-psiquiatria tag-risperidona tag-salud-netal tag-seguimiento tag-voces\" role=\"listitem\">\n\t\t\t\t<a class=\"elementor-post__thumbnail__link\" href=\"https:\/\/crecerdesarrollopersonal.org\/index.php\/2026\/02\/28\/de-la-oscuridad-a-la-esperanza-como-ha-cambiado-el-tratamiento-de-las-psicosis-desde-1900-a-la-fecha\/\" tabindex=\"-1\" >\n\t\t\t<div class=\"elementor-post__thumbnail\"><img fetchpriority=\"high\" decoding=\"async\" width=\"300\" height=\"200\" src=\"https:\/\/crecerdesarrollopersonal.org\/wp-content\/uploads\/2026\/02\/manicomio-300x200.jpg\" class=\"attachment-medium size-medium wp-image-616\" alt=\"\" srcset=\"https:\/\/crecerdesarrollopersonal.org\/wp-content\/uploads\/2026\/02\/manicomio-300x200.jpg 300w, https:\/\/crecerdesarrollopersonal.org\/wp-content\/uploads\/2026\/02\/manicomio-1024x683.jpg 1024w, https:\/\/crecerdesarrollopersonal.org\/wp-content\/uploads\/2026\/02\/manicomio-768x512.jpg 768w, https:\/\/crecerdesarrollopersonal.org\/wp-content\/uploads\/2026\/02\/manicomio-1536x1024.jpg 1536w, https:\/\/crecerdesarrollopersonal.org\/wp-content\/uploads\/2026\/02\/manicomio-2048x1365.jpg 2048w\" sizes=\"(max-width: 300px) 100vw, 300px\" \/><\/div>\n\t\t<\/a>\n\t\t\t\t<div class=\"elementor-post__text\">\n\t\t\t\t<h3 class=\"elementor-post__title\">\n\t\t\t<a href=\"https:\/\/crecerdesarrollopersonal.org\/index.php\/2026\/02\/28\/de-la-oscuridad-a-la-esperanza-como-ha-cambiado-el-tratamiento-de-las-psicosis-desde-1900-a-la-fecha\/\" >\n\t\t\t\tDe la oscuridad a la esperanza: c\u00f3mo ha cambiado el tratamiento de las psicosis desde 1900 a la fecha\t\t\t<\/a>\n\t\t<\/h3>\n\t\t\t\t<div class=\"elementor-post__excerpt\">\n\t\t\t<p>Un recorrido hist\u00f3rico acerca de la desesperanza m\u00e1s pura y las condiciones m\u00e1s inhumanas a la posibilidad de una vida independiente.<\/p>\t\t<\/div>\n\t\t\n\t\t<a class=\"elementor-post__read-more\" href=\"https:\/\/crecerdesarrollopersonal.org\/index.php\/2026\/02\/28\/de-la-oscuridad-a-la-esperanza-como-ha-cambiado-el-tratamiento-de-las-psicosis-desde-1900-a-la-fecha\/\" aria-label=\"Read more about De la oscuridad a la esperanza: c\u00f3mo ha cambiado el tratamiento de las psicosis desde 1900 a la fecha\" tabindex=\"-1\" >\n\t\t\tM\u00e1s...\t\t<\/a>\n\n\t\t\t\t<\/div>\n\t\t\t\t<\/article>\n\t\t\t\t<article class=\"elementor-post elementor-grid-item post-500 post type-post status-publish format-standard has-post-thumbnail hentry category-ansiedad category-bienestar category-blog category-control-peso category-depresion category-falta-de-motivacion category-historias category-meditaciones category-neurodivergencia category-nutricion category-perdida-de-peso category-reflexiones category-rutinas category-salud-mental category-sobrepeso category-tea category-trastornos-de-la-personalidad tag-pacientes tag-personalizada tag-psicologia tag-psiquiatria tag-seguimiento\" role=\"listitem\">\n\t\t\t\t<a class=\"elementor-post__thumbnail__link\" href=\"https:\/\/crecerdesarrollopersonal.org\/index.php\/2025\/12\/24\/la-brujula\/\" tabindex=\"-1\" >\n\t\t\t<div class=\"elementor-post__thumbnail\"><img decoding=\"async\" width=\"300\" height=\"199\" src=\"https:\/\/crecerdesarrollopersonal.org\/wp-content\/uploads\/2025\/12\/pexels-pixabay-278303-300x199.jpg\" class=\"attachment-medium size-medium wp-image-505\" alt=\"\" srcset=\"https:\/\/crecerdesarrollopersonal.org\/wp-content\/uploads\/2025\/12\/pexels-pixabay-278303-300x199.jpg 300w, https:\/\/crecerdesarrollopersonal.org\/wp-content\/uploads\/2025\/12\/pexels-pixabay-278303-1024x678.jpg 1024w, https:\/\/crecerdesarrollopersonal.org\/wp-content\/uploads\/2025\/12\/pexels-pixabay-278303-768x509.jpg 768w, https:\/\/crecerdesarrollopersonal.org\/wp-content\/uploads\/2025\/12\/pexels-pixabay-278303-1536x1017.jpg 1536w, https:\/\/crecerdesarrollopersonal.org\/wp-content\/uploads\/2025\/12\/pexels-pixabay-278303-2048x1356.jpg 2048w\" sizes=\"(max-width: 300px) 100vw, 300px\" \/><\/div>\n\t\t<\/a>\n\t\t\t\t<div class=\"elementor-post__text\">\n\t\t\t\t<h3 class=\"elementor-post__title\">\n\t\t\t<a href=\"https:\/\/crecerdesarrollopersonal.org\/index.php\/2025\/12\/24\/la-brujula\/\" >\n\t\t\t\tEl lente gris: Cuando la vida se ve en tonos de negrura\t\t\t<\/a>\n\t\t<\/h3>\n\t\t\t\t<div class=\"elementor-post__excerpt\">\n\t\t\t<p>Es com\u00fan conocer a alguien, o incluso reconocerse a s\u00ed mismo, en un patr\u00f3n: la certeza de que las cosas saldr\u00e1n mal, la sensaci\u00f3n de\t\t<\/div>\n\t\t\n\t\t<a class=\"elementor-post__read-more\" href=\"https:\/\/crecerdesarrollopersonal.org\/index.php\/2025\/12\/24\/la-brujula\/\" aria-label=\"Read more about El lente gris: Cuando la vida se ve en tonos de negrura\" tabindex=\"-1\" >\n\t\t\tM\u00e1s...\t\t<\/a>\n\n\t\t\t\t<\/div>\n\t\t\t\t<\/article>\n\t\t\t\t<article class=\"elementor-post elementor-grid-item post-489 post type-post status-publish format-standard has-post-thumbnail hentry category-ansiedad category-bienestar category-blog category-control-peso category-depresion category-falta-de-motivacion category-historias category-meditaciones category-neurodivergencia category-nutricion category-perdida-de-peso category-reflexiones category-rutinas category-salud-mental category-sobrepeso category-tea category-trastornos-de-la-personalidad tag-pacientes tag-personalizada tag-psicologia tag-psiquiatria tag-seguimiento\" role=\"listitem\">\n\t\t\t\t<a class=\"elementor-post__thumbnail__link\" href=\"https:\/\/crecerdesarrollopersonal.org\/index.php\/2025\/12\/24\/brujula\/\" tabindex=\"-1\" >\n\t\t\t<div class=\"elementor-post__thumbnail\"><img decoding=\"async\" width=\"300\" height=\"200\" src=\"https:\/\/crecerdesarrollopersonal.org\/wp-content\/uploads\/2025\/12\/pexels-cottonbro-4101137-300x200.jpg\" class=\"attachment-medium size-medium wp-image-495\" alt=\"\" srcset=\"https:\/\/crecerdesarrollopersonal.org\/wp-content\/uploads\/2025\/12\/pexels-cottonbro-4101137-300x200.jpg 300w, https:\/\/crecerdesarrollopersonal.org\/wp-content\/uploads\/2025\/12\/pexels-cottonbro-4101137-1024x683.jpg 1024w, https:\/\/crecerdesarrollopersonal.org\/wp-content\/uploads\/2025\/12\/pexels-cottonbro-4101137-768x512.jpg 768w, https:\/\/crecerdesarrollopersonal.org\/wp-content\/uploads\/2025\/12\/pexels-cottonbro-4101137-1536x1024.jpg 1536w, https:\/\/crecerdesarrollopersonal.org\/wp-content\/uploads\/2025\/12\/pexels-cottonbro-4101137-2048x1365.jpg 2048w\" sizes=\"(max-width: 300px) 100vw, 300px\" \/><\/div>\n\t\t<\/a>\n\t\t\t\t<div class=\"elementor-post__text\">\n\t\t\t\t<h3 class=\"elementor-post__title\">\n\t\t\t<a href=\"https:\/\/crecerdesarrollopersonal.org\/index.php\/2025\/12\/24\/brujula\/\" >\n\t\t\t\tLa br\u00fajula experta: la necesidad de una gu\u00eda\t\t\t<\/a>\n\t\t<\/h3>\n\t\t\t\t<div class=\"elementor-post__excerpt\">\n\t\t\t<p>En la b\u00fasqueda afanosa de serenidad, en medio del fragor de la vida moderna, muchos emprenden el camino hacia h\u00e1bitos saludables con genuina determinaci\u00f3n. Sin\t\t<\/div>\n\t\t\n\t\t<a class=\"elementor-post__read-more\" href=\"https:\/\/crecerdesarrollopersonal.org\/index.php\/2025\/12\/24\/brujula\/\" aria-label=\"Read more about La br\u00fajula experta: la necesidad de una gu\u00eda\" tabindex=\"-1\" >\n\t\t\tM\u00e1s...\t\t<\/a>\n\n\t\t\t\t<\/div>\n\t\t\t\t<\/article>\n\t\t\t\t<article class=\"elementor-post elementor-grid-item post-478 post type-post status-publish format-standard has-post-thumbnail hentry category-ansiedad category-bienestar category-blog category-control-peso category-depresion category-falta-de-motivacion category-neurodivergencia category-nutricion category-reflexiones category-salud-mental category-tea category-trastornos-de-la-personalidad tag-pacientes tag-personalizada tag-psicologia tag-psiquiatria tag-seguimiento\" role=\"listitem\">\n\t\t\t\t<a class=\"elementor-post__thumbnail__link\" href=\"https:\/\/crecerdesarrollopersonal.org\/index.php\/2025\/12\/24\/tu-mente-y-tu-cuerpo-una-sola-salud\/\" tabindex=\"-1\" >\n\t\t\t<div class=\"elementor-post__thumbnail\"><img loading=\"lazy\" decoding=\"async\" width=\"200\" height=\"300\" src=\"https:\/\/crecerdesarrollopersonal.org\/wp-content\/uploads\/2025\/12\/pexels-cottonbro-4098148-copy-200x300.png\" class=\"attachment-medium size-medium wp-image-485\" alt=\"\" srcset=\"https:\/\/crecerdesarrollopersonal.org\/wp-content\/uploads\/2025\/12\/pexels-cottonbro-4098148-copy-200x300.png 200w, https:\/\/crecerdesarrollopersonal.org\/wp-content\/uploads\/2025\/12\/pexels-cottonbro-4098148-copy-683x1024.png 683w, https:\/\/crecerdesarrollopersonal.org\/wp-content\/uploads\/2025\/12\/pexels-cottonbro-4098148-copy-768x1152.png 768w, https:\/\/crecerdesarrollopersonal.org\/wp-content\/uploads\/2025\/12\/pexels-cottonbro-4098148-copy-1024x1536.png 1024w, https:\/\/crecerdesarrollopersonal.org\/wp-content\/uploads\/2025\/12\/pexels-cottonbro-4098148-copy-1365x2048.png 1365w, https:\/\/crecerdesarrollopersonal.org\/wp-content\/uploads\/2025\/12\/pexels-cottonbro-4098148-copy-scaled.png 1707w\" sizes=\"(max-width: 200px) 100vw, 200px\" \/><\/div>\n\t\t<\/a>\n\t\t\t\t<div class=\"elementor-post__text\">\n\t\t\t\t<h3 class=\"elementor-post__title\">\n\t\t\t<a href=\"https:\/\/crecerdesarrollopersonal.org\/index.php\/2025\/12\/24\/tu-mente-y-tu-cuerpo-una-sola-salud\/\" >\n\t\t\t\tTu mente y tu cuerpo: Una sola salud\t\t\t<\/a>\n\t\t<\/h3>\n\t\t\t\t<div class=\"elementor-post__excerpt\">\n\t\t\t<p>Cuidar tu bienestar emocional no es solo un &#8220;extra&#8221; para sentirte mejor an\u00edmicamente; es una pieza fundamental para mantener tu cuerpo sano.<\/p>\t\t<\/div>\n\t\t\n\t\t<a class=\"elementor-post__read-more\" href=\"https:\/\/crecerdesarrollopersonal.org\/index.php\/2025\/12\/24\/tu-mente-y-tu-cuerpo-una-sola-salud\/\" aria-label=\"Read more about Tu mente y tu cuerpo: Una sola salud\" tabindex=\"-1\" >\n\t\t\tM\u00e1s...\t\t<\/a>\n\n\t\t\t\t<\/div>\n\t\t\t\t<\/article>\n\t\t\t\t<article class=\"elementor-post elementor-grid-item post-465 post type-post status-publish format-standard has-post-thumbnail hentry category-ansiedad category-bienestar category-blog category-depresion category-falta-de-motivacion category-neurodivergencia category-reflexiones category-salud-mental category-tea category-trastornos-de-la-personalidad tag-pacientes tag-personalizada tag-psicologia tag-psiquiatria tag-seguimiento\" role=\"listitem\">\n\t\t\t\t<a class=\"elementor-post__thumbnail__link\" href=\"https:\/\/crecerdesarrollopersonal.org\/index.php\/2025\/12\/23\/no-esttas-solo-en-el-laberinto\/\" tabindex=\"-1\" >\n\t\t\t<div class=\"elementor-post__thumbnail\"><img loading=\"lazy\" decoding=\"async\" width=\"300\" height=\"200\" src=\"https:\/\/crecerdesarrollopersonal.org\/wp-content\/uploads\/2025\/12\/pexels-alex-green-5699475-300x200.jpg\" class=\"attachment-medium size-medium wp-image-474\" alt=\"\" srcset=\"https:\/\/crecerdesarrollopersonal.org\/wp-content\/uploads\/2025\/12\/pexels-alex-green-5699475-300x200.jpg 300w, https:\/\/crecerdesarrollopersonal.org\/wp-content\/uploads\/2025\/12\/pexels-alex-green-5699475-1024x683.jpg 1024w, https:\/\/crecerdesarrollopersonal.org\/wp-content\/uploads\/2025\/12\/pexels-alex-green-5699475-768x512.jpg 768w, https:\/\/crecerdesarrollopersonal.org\/wp-content\/uploads\/2025\/12\/pexels-alex-green-5699475-1536x1024.jpg 1536w, https:\/\/crecerdesarrollopersonal.org\/wp-content\/uploads\/2025\/12\/pexels-alex-green-5699475-2048x1365.jpg 2048w\" sizes=\"(max-width: 300px) 100vw, 300px\" \/><\/div>\n\t\t<\/a>\n\t\t\t\t<div class=\"elementor-post__text\">\n\t\t\t\t<h3 class=\"elementor-post__title\">\n\t\t\t<a href=\"https:\/\/crecerdesarrollopersonal.org\/index.php\/2025\/12\/23\/no-esttas-solo-en-el-laberinto\/\" >\n\t\t\t\tNo est\u00e1s solo en el laberinto:\t\t\t<\/a>\n\t\t<\/h3>\n\t\t\t\t<div class=\"elementor-post__excerpt\">\n\t\t\t<p>Te levant\u00e1s y pregunt\u00e1s: \u201c\u00bfY ahora? \u00bfPara qu\u00e9?\u201d. No es un dolor agudo, es un malestar sordo, un gris que ti\u00f1e todo. En esos momentos,\t\t<\/div>\n\t\t\n\t\t<a class=\"elementor-post__read-more\" href=\"https:\/\/crecerdesarrollopersonal.org\/index.php\/2025\/12\/23\/no-esttas-solo-en-el-laberinto\/\" aria-label=\"Read more about No est\u00e1s solo en el laberinto:\" tabindex=\"-1\" >\n\t\t\tM\u00e1s...\t\t<\/a>\n\n\t\t\t\t<\/div>\n\t\t\t\t<\/article>\n\t\t\t\t<article class=\"elementor-post elementor-grid-item post-443 post type-post status-publish format-standard has-post-thumbnail hentry category-salud-mental tag-bajar-de-peso tag-control tag-dieta tag-nutricion tag-pacientes tag-personalizada tag-psiquiatria tag-seguimiento\" role=\"listitem\">\n\t\t\t\t<a class=\"elementor-post__thumbnail__link\" href=\"https:\/\/crecerdesarrollopersonal.org\/index.php\/2025\/11\/26\/aumento-de-peso-y-alteraciones-metabolicas-inducidas-por-psicofarmacos\/\" tabindex=\"-1\" >\n\t\t\t<div class=\"elementor-post__thumbnail\"><img loading=\"lazy\" decoding=\"async\" width=\"300\" height=\"200\" src=\"https:\/\/crecerdesarrollopersonal.org\/wp-content\/uploads\/2025\/11\/pexels-pixabay-208512-300x200.jpg\" class=\"attachment-medium size-medium wp-image-444\" alt=\"\" srcset=\"https:\/\/crecerdesarrollopersonal.org\/wp-content\/uploads\/2025\/11\/pexels-pixabay-208512-300x200.jpg 300w, https:\/\/crecerdesarrollopersonal.org\/wp-content\/uploads\/2025\/11\/pexels-pixabay-208512-1024x683.jpg 1024w, https:\/\/crecerdesarrollopersonal.org\/wp-content\/uploads\/2025\/11\/pexels-pixabay-208512-768x512.jpg 768w, https:\/\/crecerdesarrollopersonal.org\/wp-content\/uploads\/2025\/11\/pexels-pixabay-208512-1536x1024.jpg 1536w, https:\/\/crecerdesarrollopersonal.org\/wp-content\/uploads\/2025\/11\/pexels-pixabay-208512-2048x1365.jpg 2048w\" sizes=\"(max-width: 300px) 100vw, 300px\" \/><\/div>\n\t\t<\/a>\n\t\t\t\t<div class=\"elementor-post__text\">\n\t\t\t\t<h3 class=\"elementor-post__title\">\n\t\t\t<a href=\"https:\/\/crecerdesarrollopersonal.org\/index.php\/2025\/11\/26\/aumento-de-peso-y-alteraciones-metabolicas-inducidas-por-psicofarmacos\/\" >\n\t\t\t\tAumento de peso y alteraciones metab\u00f3licas inducidas por psicof\u00e1rmacos:\t\t\t<\/a>\n\t\t<\/h3>\n\t\t\t\t<div class=\"elementor-post__excerpt\">\n\t\t\t<p>Desde el paradigma de la neurodiversidad, entendemos que el autismo no es una enfermedad que deba ser curada, sino una forma de ser y procesar\t\t<\/div>\n\t\t\n\t\t<a class=\"elementor-post__read-more\" href=\"https:\/\/crecerdesarrollopersonal.org\/index.php\/2025\/11\/26\/aumento-de-peso-y-alteraciones-metabolicas-inducidas-por-psicofarmacos\/\" aria-label=\"Read more about Aumento de peso y alteraciones metab\u00f3licas inducidas por psicof\u00e1rmacos:\" tabindex=\"-1\" >\n\t\t\tM\u00e1s...\t\t<\/a>\n\n\t\t\t\t<\/div>\n\t\t\t\t<\/article>\n\t\t\t\t<article class=\"elementor-post elementor-grid-item post-428 post type-post status-publish format-standard has-post-thumbnail hentry category-bienestar tag-bajar-de-peso tag-dieta tag-nutricion tag-personalizada\" role=\"listitem\">\n\t\t\t\t<a class=\"elementor-post__thumbnail__link\" href=\"https:\/\/crecerdesarrollopersonal.org\/index.php\/2025\/11\/25\/por-que-tu-dieta-debe-ser-tan-unica-como-tu\/\" tabindex=\"-1\" >\n\t\t\t<div class=\"elementor-post__thumbnail\"><img loading=\"lazy\" decoding=\"async\" width=\"259\" height=\"300\" src=\"https:\/\/crecerdesarrollopersonal.org\/wp-content\/uploads\/2025\/11\/Screenshot-2025-11-26-at-00.09.51-259x300.png\" class=\"attachment-medium size-medium wp-image-438\" alt=\"\" srcset=\"https:\/\/crecerdesarrollopersonal.org\/wp-content\/uploads\/2025\/11\/Screenshot-2025-11-26-at-00.09.51-259x300.png 259w, https:\/\/crecerdesarrollopersonal.org\/wp-content\/uploads\/2025\/11\/Screenshot-2025-11-26-at-00.09.51-768x891.png 768w, https:\/\/crecerdesarrollopersonal.org\/wp-content\/uploads\/2025\/11\/Screenshot-2025-11-26-at-00.09.51.png 860w\" sizes=\"(max-width: 259px) 100vw, 259px\" \/><\/div>\n\t\t<\/a>\n\t\t\t\t<div class=\"elementor-post__text\">\n\t\t\t\t<h3 class=\"elementor-post__title\">\n\t\t\t<a href=\"https:\/\/crecerdesarrollopersonal.org\/index.php\/2025\/11\/25\/por-que-tu-dieta-debe-ser-tan-unica-como-tu\/\" >\n\t\t\t\tPor qu\u00e9 tu dieta debe ser tan \u00fanica como t\u00fa\t\t\t<\/a>\n\t\t<\/h3>\n\t\t\t\t<div class=\"elementor-post__excerpt\">\n\t\t\t<p>Desde el paradigma de la neurodiversidad, entendemos que el autismo no es una enfermedad que deba ser curada, sino una forma de ser y procesar\t\t<\/div>\n\t\t\n\t\t<a class=\"elementor-post__read-more\" href=\"https:\/\/crecerdesarrollopersonal.org\/index.php\/2025\/11\/25\/por-que-tu-dieta-debe-ser-tan-unica-como-tu\/\" aria-label=\"Read more about Por qu\u00e9 tu dieta debe ser tan \u00fanica como t\u00fa\" tabindex=\"-1\" >\n\t\t\tM\u00e1s...\t\t<\/a>\n\n\t\t\t\t<\/div>\n\t\t\t\t<\/article>\n\t\t\t\t<article class=\"elementor-post elementor-grid-item post-377 post type-post status-publish format-standard has-post-thumbnail hentry category-ayuno category-neurodivergencia category-nutricion category-salud-mental category-tea category-trastornos-de-la-personalidad tag-autismo tag-estrategias tag-selectividad-alimenticia\" role=\"listitem\">\n\t\t\t\t<a class=\"elementor-post__thumbnail__link\" href=\"https:\/\/crecerdesarrollopersonal.org\/index.php\/2025\/11\/04\/entendiendo-el-paladar-neurodivergente-inflexibilidad-alimentaria-en-el-espectro-autista-y-estrategias-para-una-nutricion-armoniosa\/\" tabindex=\"-1\" >\n\t\t\t<div class=\"elementor-post__thumbnail\"><img loading=\"lazy\" decoding=\"async\" width=\"225\" height=\"300\" src=\"https:\/\/crecerdesarrollopersonal.org\/wp-content\/uploads\/2025\/11\/pexels-bertoli-34536631-225x300.webp\" class=\"attachment-medium size-medium wp-image-383\" alt=\"Comida\" srcset=\"https:\/\/crecerdesarrollopersonal.org\/wp-content\/uploads\/2025\/11\/pexels-bertoli-34536631-225x300.webp 225w, https:\/\/crecerdesarrollopersonal.org\/wp-content\/uploads\/2025\/11\/pexels-bertoli-34536631-768x1024.webp 768w, https:\/\/crecerdesarrollopersonal.org\/wp-content\/uploads\/2025\/11\/pexels-bertoli-34536631-1152x1536.webp 1152w, https:\/\/crecerdesarrollopersonal.org\/wp-content\/uploads\/2025\/11\/pexels-bertoli-34536631-scaled.webp 1440w\" sizes=\"(max-width: 225px) 100vw, 225px\" \/><\/div>\n\t\t<\/a>\n\t\t\t\t<div class=\"elementor-post__text\">\n\t\t\t\t<h3 class=\"elementor-post__title\">\n\t\t\t<a href=\"https:\/\/crecerdesarrollopersonal.org\/index.php\/2025\/11\/04\/entendiendo-el-paladar-neurodivergente-inflexibilidad-alimentaria-en-el-espectro-autista-y-estrategias-para-una-nutricion-armoniosa\/\" >\n\t\t\t\tEntendiendo el Paladar Neurodivergente\t\t\t<\/a>\n\t\t<\/h3>\n\t\t\t\t<div class=\"elementor-post__excerpt\">\n\t\t\t<p>Desde el paradigma de la neurodiversidad, entendemos que el autismo no es una enfermedad que deba ser curada, sino una forma de ser y procesar\t\t<\/div>\n\t\t\n\t\t<a class=\"elementor-post__read-more\" href=\"https:\/\/crecerdesarrollopersonal.org\/index.php\/2025\/11\/04\/entendiendo-el-paladar-neurodivergente-inflexibilidad-alimentaria-en-el-espectro-autista-y-estrategias-para-una-nutricion-armoniosa\/\" aria-label=\"Read more about Entendiendo el Paladar Neurodivergente\" tabindex=\"-1\" >\n\t\t\tM\u00e1s...\t\t<\/a>\n\n\t\t\t\t<\/div>\n\t\t\t\t<\/article>\n\t\t\t\t<article class=\"elementor-post elementor-grid-item post-355 post type-post status-publish format-standard has-post-thumbnail hentry category-ansiedad category-depresion category-falta-de-motivacion category-neurodivergencia category-salud-mental category-tea category-trastornos-de-la-personalidad tag-ansiedad tag-depresion tag-esquizofrenia tag-prevalencia tag-salud-mental\" role=\"listitem\">\n\t\t\t\t<a class=\"elementor-post__thumbnail__link\" href=\"https:\/\/crecerdesarrollopersonal.org\/index.php\/2025\/10\/23\/una-vision-integral-de-los-principales-trastornos-mentales-prevalencia-contexto-y-tratamientos-convencionales-con-propuestas-alternativas-desde-el-ejercicio-y-la-nutricion\/\" tabindex=\"-1\" >\n\t\t\t<div class=\"elementor-post__thumbnail\"><img loading=\"lazy\" decoding=\"async\" width=\"200\" height=\"300\" src=\"https:\/\/crecerdesarrollopersonal.org\/wp-content\/uploads\/2025\/10\/pexels-tima-miroshnichenko-6011661-200x300.webp\" class=\"attachment-medium size-medium wp-image-363\" alt=\"Enfermo\" srcset=\"https:\/\/crecerdesarrollopersonal.org\/wp-content\/uploads\/2025\/10\/pexels-tima-miroshnichenko-6011661-200x300.webp 200w, https:\/\/crecerdesarrollopersonal.org\/wp-content\/uploads\/2025\/10\/pexels-tima-miroshnichenko-6011661-683x1024.webp 683w, https:\/\/crecerdesarrollopersonal.org\/wp-content\/uploads\/2025\/10\/pexels-tima-miroshnichenko-6011661-768x1152.webp 768w, https:\/\/crecerdesarrollopersonal.org\/wp-content\/uploads\/2025\/10\/pexels-tima-miroshnichenko-6011661-1024x1536.webp 1024w, https:\/\/crecerdesarrollopersonal.org\/wp-content\/uploads\/2025\/10\/pexels-tima-miroshnichenko-6011661-scaled.webp 1280w\" sizes=\"(max-width: 200px) 100vw, 200px\" \/><\/div>\n\t\t<\/a>\n\t\t\t\t<div class=\"elementor-post__text\">\n\t\t\t\t<h3 class=\"elementor-post__title\">\n\t\t\t<a href=\"https:\/\/crecerdesarrollopersonal.org\/index.php\/2025\/10\/23\/una-vision-integral-de-los-principales-trastornos-mentales-prevalencia-contexto-y-tratamientos-convencionales-con-propuestas-alternativas-desde-el-ejercicio-y-la-nutricion\/\" >\n\t\t\t\tUna Visi\u00f3n Integral de los Principales Trastornos Mentales\t\t\t<\/a>\n\t\t<\/h3>\n\t\t\t\t<div class=\"elementor-post__excerpt\">\n\t\t\t<p>Este art\u00edculo tiene como objetivo ofrecer una panor\u00e1mica exhaustiva de los trastornos mentales m\u00e1s prevalentes a nivel global. Para cada uno de ellos, se describir\u00e1\t\t<\/div>\n\t\t\n\t\t<a class=\"elementor-post__read-more\" href=\"https:\/\/crecerdesarrollopersonal.org\/index.php\/2025\/10\/23\/una-vision-integral-de-los-principales-trastornos-mentales-prevalencia-contexto-y-tratamientos-convencionales-con-propuestas-alternativas-desde-el-ejercicio-y-la-nutricion\/\" aria-label=\"Read more about Una Visi\u00f3n Integral de los Principales Trastornos Mentales\" tabindex=\"-1\" >\n\t\t\tM\u00e1s...\t\t<\/a>\n\n\t\t\t\t<\/div>\n\t\t\t\t<\/article>\n\t\t\t\t<article class=\"elementor-post elementor-grid-item post-348 post type-post status-publish format-standard has-post-thumbnail hentry category-ansiedad category-bienestar category-meditaciones category-reflexiones category-salud-mental tag-ansiedad tag-bienestar tag-dormir tag-relajacion tag-salud-mental\" role=\"listitem\">\n\t\t\t\t<a class=\"elementor-post__thumbnail__link\" href=\"https:\/\/crecerdesarrollopersonal.org\/index.php\/2025\/10\/22\/guia-completa-de-5-ejercicios-para-relajar-el-cuerpo-y-la-mente-antes-de-dormir-en-estados-de-ansiedad\/\" tabindex=\"-1\" >\n\t\t\t<div class=\"elementor-post__thumbnail\"><img loading=\"lazy\" decoding=\"async\" width=\"300\" height=\"200\" src=\"https:\/\/crecerdesarrollopersonal.org\/wp-content\/uploads\/2025\/10\/pexels-ihsanaditya-1056251-300x200.webp\" class=\"attachment-medium size-medium wp-image-350\" alt=\"Dormir\" srcset=\"https:\/\/crecerdesarrollopersonal.org\/wp-content\/uploads\/2025\/10\/pexels-ihsanaditya-1056251-300x200.webp 300w, https:\/\/crecerdesarrollopersonal.org\/wp-content\/uploads\/2025\/10\/pexels-ihsanaditya-1056251-1024x683.webp 1024w, https:\/\/crecerdesarrollopersonal.org\/wp-content\/uploads\/2025\/10\/pexels-ihsanaditya-1056251-768x512.webp 768w, https:\/\/crecerdesarrollopersonal.org\/wp-content\/uploads\/2025\/10\/pexels-ihsanaditya-1056251-1536x1024.webp 1536w, https:\/\/crecerdesarrollopersonal.org\/wp-content\/uploads\/2025\/10\/pexels-ihsanaditya-1056251-scaled.webp 1920w\" sizes=\"(max-width: 300px) 100vw, 300px\" \/><\/div>\n\t\t<\/a>\n\t\t\t\t<div class=\"elementor-post__text\">\n\t\t\t\t<h3 class=\"elementor-post__title\">\n\t\t\t<a href=\"https:\/\/crecerdesarrollopersonal.org\/index.php\/2025\/10\/22\/guia-completa-de-5-ejercicios-para-relajar-el-cuerpo-y-la-mente-antes-de-dormir-en-estados-de-ansiedad\/\" >\n\t\t\t\tGu\u00eda Completa de 5 Ejercicios para Relajar el Cuerpo y la Mente Antes de Dormir en Estados de Ansiedad\t\t\t<\/a>\n\t\t<\/h3>\n\t\t\t\t<div class=\"elementor-post__excerpt\">\n\t\t\t<p>Los siguientes ejercicios est\u00e1n dise\u00f1ados precisamente para eso: son herramientas pr\u00e1cticas que combinan la sabidur\u00eda de t\u00e9cnicas milenarias como el yoga y la meditaci\u00f3n con\t\t<\/div>\n\t\t\n\t\t<a class=\"elementor-post__read-more\" href=\"https:\/\/crecerdesarrollopersonal.org\/index.php\/2025\/10\/22\/guia-completa-de-5-ejercicios-para-relajar-el-cuerpo-y-la-mente-antes-de-dormir-en-estados-de-ansiedad\/\" aria-label=\"Read more about Gu\u00eda Completa de 5 Ejercicios para Relajar el Cuerpo y la Mente Antes de Dormir en Estados de Ansiedad\" tabindex=\"-1\" >\n\t\t\tM\u00e1s...\t\t<\/a>\n\n\t\t\t\t<\/div>\n\t\t\t\t<\/article>\n\t\t\t\t<\/div>\n\t\t\n\t\t\t\t\t\t<\/div>\n\t\t\t\t<\/div>\n\t\t\t\t<\/div>\n\t\t<div class=\"elementor-element elementor-element-76892c4 e-flex e-con-boxed e-con e-parent\" data-id=\"76892c4\" data-element_type=\"container\" data-e-type=\"container\">\n\t\t\t\t\t<div class=\"e-con-inner\">\n\t\t<div class=\"elementor-element elementor-element-dec4de4 e-con-full e-flex e-con e-child\" data-id=\"dec4de4\" data-element_type=\"container\" data-e-type=\"container\">\n\t\t\t\t<div class=\"elementor-element elementor-element-952016c elementor-widget elementor-widget-video\" data-id=\"952016c\" data-element_type=\"widget\" data-e-type=\"widget\" data-settings=\"{&quot;video_type&quot;:&quot;hosted&quot;,&quot;autoplay&quot;:&quot;yes&quot;,&quot;play_on_mobile&quot;:&quot;yes&quot;,&quot;mute&quot;:&quot;yes&quot;,&quot;loop&quot;:&quot;yes&quot;}\" data-widget_type=\"video.default\">\n\t\t\t\t\t\t\t<div class=\"e-hosted-video elementor-wrapper elementor-open-inline\">\n\t\t\t\t\t<video class=\"elementor-video\" src=\"https:\/\/crecerdesarrollopersonal.org\/wp-content\/uploads\/2026\/02\/5838174-hd_720_1366_30fps-1.mp4\" autoplay=\"\" loop=\"\" muted=\"muted\" playsinline=\"\" controlsList=\"nodownload\"><\/video>\n\t\t\t\t<\/div>\n\t\t\t\t\t\t<\/div>\n\t\t\t\t<\/div>\n\t\t<div class=\"elementor-element elementor-element-80fbba0 e-con-full e-flex e-con e-child\" data-id=\"80fbba0\" data-element_type=\"container\" data-e-type=\"container\">\n\t\t\t\t<div class=\"elementor-element elementor-element-e2de7e8 elementor-widget elementor-widget-html\" data-id=\"e2de7e8\" data-element_type=\"widget\" data-e-type=\"widget\" data-widget_type=\"html.default\">\n\t\t\t\t\t<a id=\"zl-url\" class=\"zl-url\" href=\"https:\/\/www.doctoraliar.com\/valeria-aristia\/psiquiatra\/ciudad-autonoma-de-buenos-aires\" rel=\"nofollow\" data-zlw-doctor=\"valeria-aristia\" data-zlw-type=\"big_with_calendar\" data-zlw-opinion=\"false\" data-zlw-hide-branding=\"true\" data-zlw-saas-only=\"true\" data-zlw-a11y-title=\"Widget de reserva de citas m\u00e9dicas\">Ped\u00ed turno<\/a>\n<script>!function($_x,_s,id){var js,fjs=$_x.getElementsByTagName(_s)[0];if(!$_x.getElementById(id)){js = $_x.createElement(_s);js.id = id;js.src = \"\/\/platform.docplanner.com\/js\/widget.js\";fjs.parentNode.insertBefore(js,fjs);}}(document,\"script\",\"zl-widget-s\");<\/script>\t\t\t\t<\/div>\n\t\t\t\t<\/div>\n\t\t\t\t\t<\/div>\n\t\t\t\t<\/div>\n\t\t<div class=\"elementor-element elementor-element-10ab63b e-con-full e-flex e-con e-parent\" data-id=\"10ab63b\" data-element_type=\"container\" data-e-type=\"container\">\n\t\t\t\t<div class=\"elementor-element elementor-element-7a079370 elementor-widget elementor-widget-heading\" data-id=\"7a079370\" data-element_type=\"widget\" data-e-type=\"widget\" data-widget_type=\"heading.default\">\n\t\t\t\t\t<h2 class=\"elementor-heading-title elementor-size-default\">Testimonios de pacientes<\/h2>\t\t\t\t<\/div>\n\t\t<div class=\"elementor-element elementor-element-15da63c3 e-con-full e-flex e-con e-child\" data-id=\"15da63c3\" data-element_type=\"container\" data-e-type=\"container\">\n\t\t\t\t<div class=\"elementor-element elementor-element-2843eab7 elementor-widget elementor-widget-testimonial\" data-id=\"2843eab7\" data-element_type=\"widget\" data-e-type=\"widget\" data-widget_type=\"testimonial.default\">\n\t\t\t\t\t\t\t<div class=\"elementor-testimonial-wrapper\">\n\t\t\t\t\t\t\t<div class=\"elementor-testimonial-content\">Nunca imagin\u00e9 que me pudiera contener tanto y hacer tan bien seguir una terapia a la que fui obligada porque deb\u00eda perder unos kilos. Ahora sigo asistiendo porque disfruto la contenci\u00f3n que me brindan.<\/div>\n\t\t\t\n\t\t\t\t\t\t<div class=\"elementor-testimonial-meta\">\n\t\t\t\t<div class=\"elementor-testimonial-meta-inner\">\n\t\t\t\t\t\n\t\t\t\t\t\t\t\t\t\t<div class=\"elementor-testimonial-details\">\n\t\t\t\t\t\t\t\t\t\t\t\t\t\t<div class=\"elementor-testimonial-name\">Sara Nadera<\/div>\n\t\t\t\t\t\t\t\t\t\t\t\t\t\t\t\t\t\t\t<\/div>\n\t\t\t\t\t\t\t\t\t<\/div>\n\t\t\t<\/div>\n\t\t\t\t\t<\/div>\n\t\t\t\t\t\t<\/div>\n\t\t\t\t<div class=\"elementor-element elementor-element-207e2b43 elementor-widget elementor-widget-testimonial\" data-id=\"207e2b43\" data-element_type=\"widget\" data-e-type=\"widget\" data-widget_type=\"testimonial.default\">\n\t\t\t\t\t\t\t<div class=\"elementor-testimonial-wrapper\">\n\t\t\t\t\t\t\t<div class=\"elementor-testimonial-content\">Gracias por darme la oportunidad de agradecerte todo lo que hiciste por m\u00ed. Honestamente mi visa ahora es otra. Muy conforme con los resultados, con vos y conmigo misma.<\/div>\n\t\t\t\n\t\t\t\t\t\t<div class=\"elementor-testimonial-meta\">\n\t\t\t\t<div class=\"elementor-testimonial-meta-inner\">\n\t\t\t\t\t\n\t\t\t\t\t\t\t\t\t\t<div class=\"elementor-testimonial-details\">\n\t\t\t\t\t\t\t\t\t\t\t\t\t\t<div class=\"elementor-testimonial-name\">Carla Fuentes<\/div>\n\t\t\t\t\t\t\t\t\t\t\t\t\t\t\t\t\t\t\t<\/div>\n\t\t\t\t\t\t\t\t\t<\/div>\n\t\t\t<\/div>\n\t\t\t\t\t<\/div>\n\t\t\t\t\t\t<\/div>\n\t\t\t\t<\/div>\n\t\t\t\t<\/div>\n\t\t<div class=\"elementor-element elementor-element-466e6448 e-con-full e-flex e-con e-parent\" data-id=\"466e6448\" data-element_type=\"container\" data-e-type=\"container\" data-settings=\"{&quot;background_background&quot;:&quot;classic&quot;}\">\n\t\t<div class=\"elementor-element elementor-element-64baf2cb e-con-full e-flex e-con e-child\" data-id=\"64baf2cb\" data-element_type=\"container\" data-e-type=\"container\">\n\t\t\t\t<div class=\"elementor-element elementor-element-439cd7c4 elementor-widget elementor-widget-heading\" data-id=\"439cd7c4\" data-element_type=\"widget\" data-e-type=\"widget\" data-widget_type=\"heading.default\">\n\t\t\t\t\t<h2 class=\"elementor-heading-title elementor-size-default\">Aprender a nutrirse.<\/h2>\t\t\t\t<\/div>\n\t\t\t\t<div class=\"elementor-element elementor-element-bfaa58b elementor-widget elementor-widget-text-editor\" data-id=\"bfaa58b\" data-element_type=\"widget\" data-e-type=\"widget\" data-widget_type=\"text-editor.default\">\n\t\t\t\t\t\t\t\t\t<p>Comer sabemos todos, pero darle a nuestro cuerpo y a nuestra mente lo que necesitan es un aprendizaje hermoso que te invito a recorrer juntos.<\/p><p>Pod\u00e9s leer nuestros art\u00edculos de <a href=\"https:\/\/crecerdesarrollopersonal.org\/index.php\/notas\/\" target=\"_blank\" rel=\"noopener\">nutrici\u00f3n<\/a> y nuestros men\u00faes generales. \u00c9stos son una orientaci\u00f3n, ya que cada persona deber\u00eda tener su men\u00fa personalizado en raz\u00f3n de sus circunstancias vitales.<\/p>\t\t\t\t\t\t\t\t<\/div>\n\t\t\t\t<\/div>\n\t\t<div class=\"elementor-element elementor-element-5a16065 e-con-full e-flex e-con e-child\" data-id=\"5a16065\" data-element_type=\"container\" data-e-type=\"container\">\n\t\t\t\t<div class=\"elementor-element elementor-element-15f5d1e1 elementor-widget elementor-widget-image\" data-id=\"15f5d1e1\" data-element_type=\"widget\" data-e-type=\"widget\" data-widget_type=\"image.default\">\n\t\t\t\t\t\t\t\t\t\t\t\t\t\t\t<img loading=\"lazy\" decoding=\"async\" width=\"942\" height=\"878\" src=\"https:\/\/crecerdesarrollopersonal.org\/wp-content\/uploads\/2025\/10\/Screenshot-2025-10-16-at-20.25.46.webp\" class=\"attachment-full size-full wp-image-73\" alt=\"\" srcset=\"https:\/\/crecerdesarrollopersonal.org\/wp-content\/uploads\/2025\/10\/Screenshot-2025-10-16-at-20.25.46.webp 942w, https:\/\/crecerdesarrollopersonal.org\/wp-content\/uploads\/2025\/10\/Screenshot-2025-10-16-at-20.25.46-300x280.webp 300w, https:\/\/crecerdesarrollopersonal.org\/wp-content\/uploads\/2025\/10\/Screenshot-2025-10-16-at-20.25.46-768x716.webp 768w\" sizes=\"(max-width: 942px) 100vw, 942px\" \/>\t\t\t\t\t\t\t\t\t\t\t\t\t\t\t<\/div>\n\t\t\t\t<\/div>\n\t\t\t\t<\/div>\n\t\t<div class=\"elementor-element elementor-element-18500e0 e-flex e-con-boxed e-con e-parent\" data-id=\"18500e0\" data-element_type=\"container\" data-e-type=\"container\">\n\t\t\t\t\t<div class=\"e-con-inner\">\n\t\t\t\t<div class=\"elementor-element elementor-element-253930f elementor-headline--style-rotate elementor-widget elementor-widget-animated-headline\" data-id=\"253930f\" data-element_type=\"widget\" data-e-type=\"widget\" data-settings=\"{&quot;headline_style&quot;:&quot;rotate&quot;,&quot;animation_type&quot;:&quot;swirl&quot;,&quot;rotating_text&quot;:&quot;Integralmente\\nTotalmente\\nConoci\\u00e9ndote\\nAm\\u00e1ndote&quot;,&quot;rotate_iteration_delay&quot;:1000,&quot;loop&quot;:&quot;yes&quot;}\" data-widget_type=\"animated-headline.default\">\n\t\t\t\t\t\t\t<h4 class=\"elementor-headline elementor-headline-animation-type-swirl elementor-headline-letters\">\n\t\t\t\t\t<span class=\"elementor-headline-plain-text elementor-headline-text-wrapper\">Crecer<\/span>\n\t\t\t\t<span class=\"elementor-headline-dynamic-wrapper elementor-headline-text-wrapper\">\n\t\t\t\t\t<span class=\"elementor-headline-dynamic-text elementor-headline-text-active\">\n\t\t\t\tIntegralmente\t\t\t<\/span>\n\t\t\t\t\t<span class=\"elementor-headline-dynamic-text\">\n\t\t\t\tTotalmente\t\t\t<\/span>\n\t\t\t\t\t<span class=\"elementor-headline-dynamic-text\">\n\t\t\t\tConoci\u00e9ndote\t\t\t<\/span>\n\t\t\t\t\t<span class=\"elementor-headline-dynamic-text\">\n\t\t\t\tAm\u00e1ndote\t\t\t<\/span>\n\t\t\t\t\t\t<\/span>\n\t\t\t\t<\/h4>\n\t\t\t\t\t\t<\/div>\n\t\t\t\t\t<\/div>\n\t\t\t\t<\/div>\n\t\t\t\t<\/div>\n\t\t","protected":false},"excerpt":{"rendered":"<p>Te ayudamos a darle forma a tu cuerpo y a tu vida, focaliz\u00e1ndonos en tu salud integral, tanto f\u00edsica como mental. Art\u00edculos \u00daltimas notas https:\/\/crecerdesarrollopersonal.org\/wp-content\/uploads\/2026\/02\/5838174-hd_720_1366_30fps-1.mp4 Ped\u00ed turno Testimonios de pacientes Nunca imagin\u00e9 que me pudiera contener tanto y hacer tan bien seguir una terapia a la que fui obligada porque deb\u00eda perder unos kilos. Ahora [&hellip;]<\/p>\n","protected":false},"author":1,"featured_media":68,"parent":0,"menu_order":0,"comment_status":"closed","ping_status":"closed","template":"elementor_header_footer","meta":{"footnotes":""},"class_list":["post-36","page","type-page","status-publish","has-post-thumbnail","hentry"],"yoast_head":"<!-- This site is optimized with the Yoast SEO plugin v26.6 - https:\/\/yoast.com\/wordpress\/plugins\/seo\/ -->\n<title>Inicio - Crecer Integralmente<\/title>\n<meta name=\"robots\" content=\"index, follow, max-snippet:-1, max-image-preview:large, max-video-preview:-1\" \/>\n<link rel=\"canonical\" href=\"https:\/\/crecerdesarrollopersonal.org\/\" \/>\n<meta property=\"og:locale\" content=\"es_ES\" \/>\n<meta property=\"og:type\" content=\"article\" \/>\n<meta property=\"og:title\" content=\"Inicio - Crecer Integralmente\" \/>\n<meta property=\"og:description\" content=\"Te ayudamos a darle forma a tu cuerpo y a tu vida, focaliz\u00e1ndonos en tu salud integral, tanto f\u00edsica como mental. Art\u00edculos \u00daltimas notas https:\/\/crecerdesarrollopersonal.org\/wp-content\/uploads\/2026\/02\/5838174-hd_720_1366_30fps-1.mp4 Ped\u00ed turno Testimonios de pacientes Nunca imagin\u00e9 que me pudiera contener tanto y hacer tan bien seguir una terapia a la que fui obligada porque deb\u00eda perder unos kilos. Ahora [&hellip;]\" \/>\n<meta property=\"og:url\" content=\"https:\/\/crecerdesarrollopersonal.org\/\" \/>\n<meta property=\"og:site_name\" content=\"Crecer Integralmente\" \/>\n<meta property=\"article:modified_time\" content=\"2026-03-01T23:15:56+00:00\" \/>\n<meta property=\"og:image\" content=\"https:\/\/crecerdesarrollopersonal.org\/wp-content\/uploads\/2025\/10\/pexels-elly-fairytale-3822621-scaled.webp\" \/>\n\t<meta property=\"og:image:width\" content=\"1280\" \/>\n\t<meta property=\"og:image:height\" content=\"1920\" \/>\n\t<meta property=\"og:image:type\" content=\"image\/webp\" \/>\n<meta name=\"twitter:card\" content=\"summary_large_image\" \/>\n<meta name=\"twitter:label1\" content=\"Tiempo de lectura\" \/>\n\t<meta name=\"twitter:data1\" content=\"4 minutos\" \/>\n<script type=\"application\/ld+json\" class=\"yoast-schema-graph\">{\"@context\":\"https:\/\/schema.org\",\"@graph\":[{\"@type\":\"WebPage\",\"@id\":\"https:\/\/crecerdesarrollopersonal.org\/\",\"url\":\"https:\/\/crecerdesarrollopersonal.org\/\",\"name\":\"Inicio - Crecer Integralmente\",\"isPartOf\":{\"@id\":\"https:\/\/crecerdesarrollopersonal.org\/#website\"},\"primaryImageOfPage\":{\"@id\":\"https:\/\/crecerdesarrollopersonal.org\/#primaryimage\"},\"image\":{\"@id\":\"https:\/\/crecerdesarrollopersonal.org\/#primaryimage\"},\"thumbnailUrl\":\"https:\/\/crecerdesarrollopersonal.org\/wp-content\/uploads\/2025\/10\/pexels-elly-fairytale-3822621-scaled.webp\",\"datePublished\":\"2025-10-21T03:39:41+00:00\",\"dateModified\":\"2026-03-01T23:15:56+00:00\",\"breadcrumb\":{\"@id\":\"https:\/\/crecerdesarrollopersonal.org\/#breadcrumb\"},\"inLanguage\":\"es-AR\",\"potentialAction\":[{\"@type\":\"ReadAction\",\"target\":[\"https:\/\/crecerdesarrollopersonal.org\/\"]}]},{\"@type\":\"ImageObject\",\"inLanguage\":\"es-AR\",\"@id\":\"https:\/\/crecerdesarrollopersonal.org\/#primaryimage\",\"url\":\"https:\/\/crecerdesarrollopersonal.org\/wp-content\/uploads\/2025\/10\/pexels-elly-fairytale-3822621-scaled.webp\",\"contentUrl\":\"https:\/\/crecerdesarrollopersonal.org\/wp-content\/uploads\/2025\/10\/pexels-elly-fairytale-3822621-scaled.webp\",\"width\":1280,\"height\":1920,\"caption\":\"Fondo\"},{\"@type\":\"BreadcrumbList\",\"@id\":\"https:\/\/crecerdesarrollopersonal.org\/#breadcrumb\",\"itemListElement\":[{\"@type\":\"ListItem\",\"position\":1,\"name\":\"Inicio\",\"item\":\"https:\/\/crecerdesarrollopersonal.org\/\"},{\"@type\":\"ListItem\",\"position\":2,\"name\":\"Inicio\"}]},{\"@type\":\"WebSite\",\"@id\":\"https:\/\/crecerdesarrollopersonal.org\/#website\",\"url\":\"https:\/\/crecerdesarrollopersonal.org\/\",\"name\":\"Crecer Integralmente\",\"description\":\"Te ayudo a darle forma a tu cuerpo y a tu vida, focaliz\u00e1ndonos en tu salud integral, tanto f\u00edsica como mental.\",\"publisher\":{\"@id\":\"https:\/\/crecerdesarrollopersonal.org\/#\/schema\/person\/bf98e197c52136b4fd4cd5fa3f2a32bc\"},\"potentialAction\":[{\"@type\":\"SearchAction\",\"target\":{\"@type\":\"EntryPoint\",\"urlTemplate\":\"https:\/\/crecerdesarrollopersonal.org\/?s={search_term_string}\"},\"query-input\":{\"@type\":\"PropertyValueSpecification\",\"valueRequired\":true,\"valueName\":\"search_term_string\"}}],\"inLanguage\":\"es-AR\"},{\"@type\":[\"Person\",\"Organization\"],\"@id\":\"https:\/\/crecerdesarrollopersonal.org\/#\/schema\/person\/bf98e197c52136b4fd4cd5fa3f2a32bc\",\"name\":\"crecer_integralmente\",\"image\":{\"@type\":\"ImageObject\",\"inLanguage\":\"es-AR\",\"@id\":\"https:\/\/crecerdesarrollopersonal.org\/#\/schema\/person\/image\/\",\"url\":\"https:\/\/crecerdesarrollopersonal.org\/wp-content\/uploads\/2025\/10\/crecer_integralmente-scaled.webp\",\"contentUrl\":\"https:\/\/crecerdesarrollopersonal.org\/wp-content\/uploads\/2025\/10\/crecer_integralmente-scaled.webp\",\"width\":1920,\"height\":1920,\"caption\":\"crecer_integralmente\"},\"logo\":{\"@id\":\"https:\/\/crecerdesarrollopersonal.org\/#\/schema\/person\/image\/\"},\"sameAs\":[\"https:\/\/crecerdesarrollopersonal.org\"]}]}<\/script>\n<!-- \/ Yoast SEO plugin. -->","yoast_head_json":{"title":"Inicio - Crecer Integralmente","robots":{"index":"index","follow":"follow","max-snippet":"max-snippet:-1","max-image-preview":"max-image-preview:large","max-video-preview":"max-video-preview:-1"},"canonical":"https:\/\/crecerdesarrollopersonal.org\/","og_locale":"es_ES","og_type":"article","og_title":"Inicio - Crecer Integralmente","og_description":"Te ayudamos a darle forma a tu cuerpo y a tu vida, focaliz\u00e1ndonos en tu salud integral, tanto f\u00edsica como mental. Art\u00edculos \u00daltimas notas https:\/\/crecerdesarrollopersonal.org\/wp-content\/uploads\/2026\/02\/5838174-hd_720_1366_30fps-1.mp4 Ped\u00ed turno Testimonios de pacientes Nunca imagin\u00e9 que me pudiera contener tanto y hacer tan bien seguir una terapia a la que fui obligada porque deb\u00eda perder unos kilos. Ahora [&hellip;]","og_url":"https:\/\/crecerdesarrollopersonal.org\/","og_site_name":"Crecer Integralmente","article_modified_time":"2026-03-01T23:15:56+00:00","og_image":[{"width":1280,"height":1920,"url":"https:\/\/crecerdesarrollopersonal.org\/wp-content\/uploads\/2025\/10\/pexels-elly-fairytale-3822621-scaled.webp","type":"image\/webp"}],"twitter_card":"summary_large_image","twitter_misc":{"Tiempo de lectura":"4 minutos"},"schema":{"@context":"https:\/\/schema.org","@graph":[{"@type":"WebPage","@id":"https:\/\/crecerdesarrollopersonal.org\/","url":"https:\/\/crecerdesarrollopersonal.org\/","name":"Inicio - Crecer Integralmente","isPartOf":{"@id":"https:\/\/crecerdesarrollopersonal.org\/#website"},"primaryImageOfPage":{"@id":"https:\/\/crecerdesarrollopersonal.org\/#primaryimage"},"image":{"@id":"https:\/\/crecerdesarrollopersonal.org\/#primaryimage"},"thumbnailUrl":"https:\/\/crecerdesarrollopersonal.org\/wp-content\/uploads\/2025\/10\/pexels-elly-fairytale-3822621-scaled.webp","datePublished":"2025-10-21T03:39:41+00:00","dateModified":"2026-03-01T23:15:56+00:00","breadcrumb":{"@id":"https:\/\/crecerdesarrollopersonal.org\/#breadcrumb"},"inLanguage":"es-AR","potentialAction":[{"@type":"ReadAction","target":["https:\/\/crecerdesarrollopersonal.org\/"]}]},{"@type":"ImageObject","inLanguage":"es-AR","@id":"https:\/\/crecerdesarrollopersonal.org\/#primaryimage","url":"https:\/\/crecerdesarrollopersonal.org\/wp-content\/uploads\/2025\/10\/pexels-elly-fairytale-3822621-scaled.webp","contentUrl":"https:\/\/crecerdesarrollopersonal.org\/wp-content\/uploads\/2025\/10\/pexels-elly-fairytale-3822621-scaled.webp","width":1280,"height":1920,"caption":"Fondo"},{"@type":"BreadcrumbList","@id":"https:\/\/crecerdesarrollopersonal.org\/#breadcrumb","itemListElement":[{"@type":"ListItem","position":1,"name":"Inicio","item":"https:\/\/crecerdesarrollopersonal.org\/"},{"@type":"ListItem","position":2,"name":"Inicio"}]},{"@type":"WebSite","@id":"https:\/\/crecerdesarrollopersonal.org\/#website","url":"https:\/\/crecerdesarrollopersonal.org\/","name":"Crecer Integralmente","description":"Te ayudo a darle forma a tu cuerpo y a tu vida, focaliz\u00e1ndonos en tu salud integral, tanto f\u00edsica como mental.","publisher":{"@id":"https:\/\/crecerdesarrollopersonal.org\/#\/schema\/person\/bf98e197c52136b4fd4cd5fa3f2a32bc"},"potentialAction":[{"@type":"SearchAction","target":{"@type":"EntryPoint","urlTemplate":"https:\/\/crecerdesarrollopersonal.org\/?s={search_term_string}"},"query-input":{"@type":"PropertyValueSpecification","valueRequired":true,"valueName":"search_term_string"}}],"inLanguage":"es-AR"},{"@type":["Person","Organization"],"@id":"https:\/\/crecerdesarrollopersonal.org\/#\/schema\/person\/bf98e197c52136b4fd4cd5fa3f2a32bc","name":"crecer_integralmente","image":{"@type":"ImageObject","inLanguage":"es-AR","@id":"https:\/\/crecerdesarrollopersonal.org\/#\/schema\/person\/image\/","url":"https:\/\/crecerdesarrollopersonal.org\/wp-content\/uploads\/2025\/10\/crecer_integralmente-scaled.webp","contentUrl":"https:\/\/crecerdesarrollopersonal.org\/wp-content\/uploads\/2025\/10\/crecer_integralmente-scaled.webp","width":1920,"height":1920,"caption":"crecer_integralmente"},"logo":{"@id":"https:\/\/crecerdesarrollopersonal.org\/#\/schema\/person\/image\/"},"sameAs":["https:\/\/crecerdesarrollopersonal.org"]}]}},"_links":{"self":[{"href":"https:\/\/crecerdesarrollopersonal.org\/index.php\/wp-json\/wp\/v2\/pages\/36","targetHints":{"allow":["GET"]}}],"collection":[{"href":"https:\/\/crecerdesarrollopersonal.org\/index.php\/wp-json\/wp\/v2\/pages"}],"about":[{"href":"https:\/\/crecerdesarrollopersonal.org\/index.php\/wp-json\/wp\/v2\/types\/page"}],"author":[{"embeddable":true,"href":"https:\/\/crecerdesarrollopersonal.org\/index.php\/wp-json\/wp\/v2\/users\/1"}],"replies":[{"embeddable":true,"href":"https:\/\/crecerdesarrollopersonal.org\/index.php\/wp-json\/wp\/v2\/comments?post=36"}],"version-history":[{"count":88,"href":"https:\/\/crecerdesarrollopersonal.org\/index.php\/wp-json\/wp\/v2\/pages\/36\/revisions"}],"predecessor-version":[{"id":622,"href":"https:\/\/crecerdesarrollopersonal.org\/index.php\/wp-json\/wp\/v2\/pages\/36\/revisions\/622"}],"wp:featuredmedia":[{"embeddable":true,"href":"https:\/\/crecerdesarrollopersonal.org\/index.php\/wp-json\/wp\/v2\/media\/68"}],"wp:attachment":[{"href":"https:\/\/crecerdesarrollopersonal.org\/index.php\/wp-json\/wp\/v2\/media?parent=36"}],"curies":[{"name":"wp","href":"https:\/\/api.w.org\/{rel}","templated":true}]}}